{"id":1220,"date":"2018-05-25T10:41:00","date_gmt":"2018-05-25T08:41:00","guid":{"rendered":"http:\/\/ighum.de\/wordpress\/?page_id=1220"},"modified":"2018-05-27T11:29:21","modified_gmt":"2018-05-27T09:29:21","slug":"datenschutzerklaerung","status":"publish","type":"page","link":"http:\/\/ighum.de\/wordpress\/impressum\/datenschutzerklaerung\/","title":{"rendered":"Datenschutzerkl\u00e4rung"},"content":{"rendered":"<h3><strong>Datenschutzerkl\u00e4rung<\/strong><\/h3>\n<p>Die Webseitenbetreiber der IG Hund und Mensch e.V. nehmen den Schutz Ihrer pers\u00f6nlichen Daten sehr ernst. Dies sind alle Daten, mit denen Sie pers\u00f6nlich identifiziert werden k\u00f6nnen. Ausf\u00fchrliche Informationen zu personenbezogenen Daten und der EU-Datenschutz-Grundverordnung finden Sie unter\u00a0<a href=\"https:\/\/dsgvo-gesetz.de\/\" target=\"_blank\" rel=\"noopener\">https:\/\/dsgvo-gesetz.de\/<\/a><\/p>\n<p>Wir behandeln Ihre personenbezogenen Daten vertraulich und entsprechend der gesetzlichen Datenschutzvorschriften, sowie dieser Datenschutzerkl\u00e4rung.<\/p>\n<p>Durch die Nutzung unserer Webseite werden verschiedene personenbezogene Daten erhoben, vor allem von technischer Seite aus (z.B. IP-Adresse, welchen Browser Sie nutzen, Zeitpunkt des Webseitenaufrufs). Dies geschieht vor allem zum Zweck einer reibungslosen Funktion und Anzeige unserer Webseite.<br \/>\nWir weisen darauf hin, dass die Daten\u00fcbertragung im Internet (beispielsweise per E-Mail) Sicherheitsl\u00fccken aufweisen kann. Ein l\u00fcckenloser Schutz vor dem Zugriff durch Dritte ist daher nicht m\u00f6glich.<\/p>\n<p>Die verantwortliche Stelle f\u00fcr die Datenverarbeitung auf dieser Webseite ist die nat\u00fcrliche oder juristische Person, die allein oder gemeinsam mit anderen \u00fcber Zweck und Mittel der Verarbeitung Ihrer personenbezogenen Daten (z.B. Namen, E-Mail-Adressen etc.) entscheidet. Sie k\u00f6nnen diese Informationen unserem Impressum entnehmen.<\/p>\n<p>Im Fall datenschutzrechtlicher Verst\u00f6\u00dfe steht dem Betroffenen ein Beschwerderecht bei der zust\u00e4ndigen Aufsichtsbeh\u00f6rde zu. Das ist bei datenschutzrechtlichen Fragen der Datenschutzbeauftragte Ihres Bundeslandes, dessen Kontaktdaten Sie im nachfolgenden Link finden k\u00f6nnen: <a href=\"https:\/\/www.bfdi.bund.de\/DE\/Infothek\/Anschriften_Links\/anschriften_links-node.html\" target=\"_blank\" rel=\"noopener\">Landesschutzbeauftragte (Datenschutz)<\/a><\/p>\n<p>Sie haben das Recht, Daten, die wir auf Grundlage Ihrer Einwilligung oder in Erf\u00fcllung eines Vertrages automatisiert verarbeiten, an sich aush\u00e4ndigen zu lassen. Dar\u00fcber hinaus haben Sie im Rahmen der geltenden gesetzlichen Bestimmungen jederzeit das Recht auf unentgeltliche Auskunft \u00fcber Ihre gespeicherten, personenbezogenen Daten, deren Herkunft und Empf\u00e4nger, sowie den Zweck der Datenverarbeitung und bei Bedarf ein Recht auf Berichtigung, Sperrung oder L\u00f6schung dieser Daten. Sollten Sie eine L\u00f6schung ablehnen, k\u00f6nnen Sie auch ein Recht auf Einschr\u00e4nkung der Datenverarbeitung haben.<\/p>\n<p>Wir erheben, verarbeiten und nutzen personenbezogene Daten \u00fcber die Inanspruchnahme unserer Webseite (Nutzungsdaten, Cookies, Server-Log-Dateien) nur, soweit es f\u00fcr eine reibungslose Nutzung unseres Angebots und unserer Internetpr\u00e4senz erforderlich ist. Die erhobenen Daten werden gel\u00f6scht, sobald sie zur Nutzung unserer Webseite und ihrer Dienste nicht mehr erforderlich sind.<\/p>\n<p>Eine Weitergabe Ihrer Daten an Dritte ohne ausdr\u00fcckliche Einwilligung, etwa zu Werbezwecken, erfolgt nicht.<\/p>\n<p>F\u00fcr weitere Fragen stehen die im Impressum genannten Verantwortlichen nach bestem Wissen und Gewissen gern zur Verf\u00fcgung.<\/p>\n<p>&nbsp;<\/p>\n","protected":false},"excerpt":{"rendered":"<p>Datenschutzerkl\u00e4rung Die Webseitenbetreiber der IG Hund und Mensch e.V. nehmen den Schutz Ihrer pers\u00f6nlichen Daten sehr ernst. Dies sind alle Daten, mit denen Sie pers\u00f6nlich identifiziert werden k\u00f6nnen. Ausf\u00fchrliche Informationen zu personenbezogenen Daten und der EU-Datenschutz-Grundverordnung finden Sie unter\u00a0https:\/\/dsgvo-gesetz.de\/ Wir behandeln Ihre personenbezogenen Daten vertraulich und entsprechend der gesetzlichen Datenschutzvorschriften, sowie dieser Datenschutzerkl\u00e4rung. Durch die Nutzung unserer Webseite werden verschiedene personenbezogene Daten erhoben, vor allem von technischer Seite aus (z.B. IP-Adresse, welchen Browser Sie nutzen, Zeitpunkt des Webseitenaufrufs). Dies geschieht vor allem zum Zweck einer reibungslosen Funktion und Anzeige unserer Webseite. Wir weisen darauf hin, dass die Daten\u00fcbertragung im Internet (beispielsweise per E-Mail) Sicherheitsl\u00fccken aufweisen kann. Ein l\u00fcckenloser Schutz vor dem Zugriff durch Dritte ist daher nicht m\u00f6glich. Die verantwortliche Stelle f\u00fcr die Datenverarbeitung auf dieser Webseite ist die nat\u00fcrliche oder juristische Person, die allein oder gemeinsam mit anderen \u00fcber Zweck und Mittel der Verarbeitung Ihrer personenbezogenen Daten (z.B. Namen, E-Mail-Adressen etc.) entscheidet. Sie k\u00f6nnen diese Informationen unserem Impressum entnehmen. Im Fall datenschutzrechtlicher Verst\u00f6\u00dfe steht dem Betroffenen ein Beschwerderecht bei der zust\u00e4ndigen Aufsichtsbeh\u00f6rde zu. Das ist bei datenschutzrechtlichen Fragen der Datenschutzbeauftragte Ihres Bundeslandes, dessen Kontaktdaten Sie im nachfolgenden Link finden k\u00f6nnen: Landesschutzbeauftragte (Datenschutz) Sie haben das Recht, Daten, die wir auf Grundlage Ihrer Einwilligung oder in Erf\u00fcllung eines Vertrages automatisiert verarbeiten, an sich aush\u00e4ndigen zu lassen. Dar\u00fcber hinaus haben Sie im Rahmen der geltenden gesetzlichen Bestimmungen jederzeit das Recht auf unentgeltliche Auskunft \u00fcber Ihre gespeicherten, personenbezogenen Daten, deren Herkunft und Empf\u00e4nger, sowie den Zweck der Datenverarbeitung und bei Bedarf ein&#8230;.<\/p>\n","protected":false},"author":10,"featured_media":0,"parent":12,"menu_order":999,"comment_status":"closed","ping_status":"closed","template":"","meta":{"ngg_post_thumbnail":0,"_links_to":"","_links_to_target":""},"_links":{"self":[{"href":"http:\/\/ighum.de\/wordpress\/wp-json\/wp\/v2\/pages\/1220"}],"collection":[{"href":"http:\/\/ighum.de\/wordpress\/wp-json\/wp\/v2\/pages"}],"about":[{"href":"http:\/\/ighum.de\/wordpress\/wp-json\/wp\/v2\/types\/page"}],"author":[{"embeddable":true,"href":"http:\/\/ighum.de\/wordpress\/wp-json\/wp\/v2\/users\/10"}],"replies":[{"embeddable":true,"href":"http:\/\/ighum.de\/wordpress\/wp-json\/wp\/v2\/comments?post=1220"}],"version-history":[{"count":3,"href":"http:\/\/ighum.de\/wordpress\/wp-json\/wp\/v2\/pages\/1220\/revisions"}],"predecessor-version":[{"id":1223,"href":"http:\/\/ighum.de\/wordpress\/wp-json\/wp\/v2\/pages\/1220\/revisions\/1223"}],"up":[{"embeddable":true,"href":"http:\/\/ighum.de\/wordpress\/wp-json\/wp\/v2\/pages\/12"}],"wp:attachment":[{"href":"http:\/\/ighum.de\/wordpress\/wp-json\/wp\/v2\/media?parent=1220"}],"curies":[{"name":"wp","href":"https:\/\/api.w.org\/{rel}","templated":true}]}}